{"version":"1.0","provider_name":"Creative Africa","provider_url":"http:\/\/afriquecreative.fr\/en","title":"Cap sur Johannesburg pour l'\u00e9v\u00e9nement de cl\u00f4ture - Afrique cr\u00e9ative","type":"rich","width":600,"height":338,"html":"<blockquote class=\"wp-embedded-content\" data-secret=\"cy7y9dSdPY\"><a href=\"http:\/\/afriquecreative.fr\/en\/8472-2\/\">Heading to Johannesburg for the closing event<\/a><\/blockquote><iframe sandbox=\"allow-scripts\" security=\"restricted\" src=\"http:\/\/afriquecreative.fr\/en\/8472-2\/embed\/#?secret=cy7y9dSdPY\" width=\"600\" height=\"338\" title=\"\u201cHeading to Johannesburg for the closing event\u201d \u2014 Creative Africa\" data-secret=\"cy7y9dSdPY\" frameborder=\"0\" marginwidth=\"0\" marginheight=\"0\" scrolling=\"no\" class=\"wp-embedded-content\"><\/iframe><script>\n\/*! This file is auto-generated *\/\n!function(d,l){\"use strict\";l.querySelector&&d.addEventListener&&\"undefined\"!=typeof URL&&(d.wp=d.wp||{},d.wp.receiveEmbedMessage||(d.wp.receiveEmbedMessage=function(e){var t=e.data;if((t||t.secret||t.message||t.value)&&!\/[^a-zA-Z0-9]\/.test(t.secret)){for(var s,r,n,a=l.querySelectorAll('iframe[data-secret=\"'+t.secret+'\"]'),o=l.querySelectorAll('blockquote[data-secret=\"'+t.secret+'\"]'),c=new RegExp(\"^https?:$\",\"i\"),i=0;i<o.length;i++)o[i].style.display=\"none\";for(i=0;i<a.length;i++)s=a[i],e.source===s.contentWindow&&(s.removeAttribute(\"style\"),\"height\"===t.message?(1e3<(r=parseInt(t.value,10))?r=1e3:~~r<200&&(r=200),s.height=r):\"link\"===t.message&&(r=new URL(s.getAttribute(\"src\")),n=new URL(t.value),c.test(n.protocol))&&n.host===r.host&&l.activeElement===s&&(d.top.location.href=t.value))}},d.addEventListener(\"message\",d.wp.receiveEmbedMessage,!1),l.addEventListener(\"DOMContentLoaded\",function(){for(var e,t,s=l.querySelectorAll(\"iframe.wp-embedded-content\"),r=0;r<s.length;r++)(t=(e=s[r]).getAttribute(\"data-secret\"))||(t=Math.random().toString(36).substring(2,12),e.src+=\"#?secret=\"+t,e.setAttribute(\"data-secret\",t)),e.contentWindow.postMessage({message:\"ready\",secret:t},\"*\")},!1)))}(window,document);\n\/\/# sourceURL=http:\/\/afriquecreative.fr\/wp-includes\/js\/wp-embed.min.js\n<\/script>","thumbnail_url":"https:\/\/afriquecreative.fr\/wp-content\/uploads\/2025\/09\/Closing-Event-1.jpg","thumbnail_width":1080,"thumbnail_height":1350,"description":"Clap de fin! Du 5 au 11 octobre 2025, la promotion Afrique Cr\u00e9ative se r\u00e9unit une derni\u00e8re fois pour le bootcamp de cl\u00f4ture de sa troisi\u00e8me \u00e9dition. Quinze leaders cr\u00e9atifs se retrouveront \u00e0 Johannesburg pour une exp\u00e9rience unique et immersive au c\u0153ur du riche \u00e9cosyst\u00e8me culturel sud-africain. Afrique Cr\u00e9ative \u2014 une initiative de l\u2019Agence fran\u00e7aise [&hellip;]"}